{"id":18462,"date":"2018-12-11T13:42:03","date_gmt":"2018-12-11T12:42:03","guid":{"rendered":"http:\/\/www.it-gymnasium.at\/internationalbilingualclassesde\/?page_id=18462"},"modified":"2022-07-10T22:13:23","modified_gmt":"2022-07-10T20:13:23","slug":"projects","status":"publish","type":"page","link":"https:\/\/www.it-gymnasium.at\/internationalbilingualclassesde\/home\/projects\/","title":{"rendered":"IBC-Projekte"},"content":{"rendered":"<p>Wir bieten spezifische Projekte f\u00fcr die Sch\u00fcler:innen des bilingualen Zweigs, unter anderem Wettbewerbe, die durch Organisationen wie Infineon und LAM Research sowie durch die Fachhochschule Villach gef\u00f6rdert werden.<\/p>\n<p>&nbsp;<\/p>\n<p><strong>Das IBC-Jahresprojekt<\/strong><\/p>\n<p>Ein gro\u00dfer Schwerpunkt des bilingualen Zweiges ist es, dass sich alle Klassen gemeinsam<\/p>\n<p>f\u00e4cher- und klassen\u00fcbergreifend mit einem Jahresthema besch\u00e4ftigen. Die unterschiedlichen Zug\u00e4nge an das Thema sind dabei sprachlicher, historischer, musikalischer, wissenschaftlicher, k\u00fcnstlerischer oder sportlicher Natur und werden am Ende des Schuljahres im Rahmen einer B\u00fchnenpr\u00e4sentation den Eltern und der \u00d6ffentlichkeit vorgestellt. Wie bei allen Projektpr\u00e4sentationen der International Bilingual Classes \u00fcblich, zeichnen die Sch\u00fcler:innen sowohl f\u00fcr die Einladungen, das Buffet und die Beleuchtung als auch f\u00fcr die Powerpoint-Pr\u00e4sentationen und Videos verantwortlich.<\/p>\n","protected":false},"excerpt":{"rendered":"<p>Wir bieten spezifische Projekte f\u00fcr die Sch\u00fcler:innen des bilingualen Zweigs, unter anderem Wettbewerbe, die durch Organisationen wie Infineon und LAM Research sowie durch die Fachhochschule Villach gef\u00f6rdert werden. &nbsp; Das IBC-Jahresprojekt Ein gro\u00dfer Schwerpunkt des bilingualen Zweiges ist es, dass sich alle Klassen gemeinsam f\u00e4cher-&#8230;<\/p>\n","protected":false},"author":1,"featured_media":0,"parent":10,"menu_order":0,"comment_status":"closed","ping_status":"closed","template":"","meta":{"episode_type":"","audio_file":"","cover_image":"","cover_image_id":"","duration":"","filesize":"","date_recorded":"","explicit":"","block":"","itunes_episode_number":"","itunes_title":"","itunes_season_number":"","itunes_episode_type":"","filesize_raw":"","footnotes":""},"class_list":["post-18462","page","type-page","status-publish","hentry"],"_links":{"self":[{"href":"https:\/\/www.it-gymnasium.at\/internationalbilingualclassesde\/wp-json\/wp\/v2\/pages\/18462","targetHints":{"allow":["GET"]}}],"collection":[{"href":"https:\/\/www.it-gymnasium.at\/internationalbilingualclassesde\/wp-json\/wp\/v2\/pages"}],"about":[{"href":"https:\/\/www.it-gymnasium.at\/internationalbilingualclassesde\/wp-json\/wp\/v2\/types\/page"}],"author":[{"embeddable":true,"href":"https:\/\/www.it-gymnasium.at\/internationalbilingualclassesde\/wp-json\/wp\/v2\/users\/1"}],"replies":[{"embeddable":true,"href":"https:\/\/www.it-gymnasium.at\/internationalbilingualclassesde\/wp-json\/wp\/v2\/comments?post=18462"}],"version-history":[{"count":10,"href":"https:\/\/www.it-gymnasium.at\/internationalbilingualclassesde\/wp-json\/wp\/v2\/pages\/18462\/revisions"}],"predecessor-version":[{"id":18680,"href":"https:\/\/www.it-gymnasium.at\/internationalbilingualclassesde\/wp-json\/wp\/v2\/pages\/18462\/revisions\/18680"}],"up":[{"embeddable":true,"href":"https:\/\/www.it-gymnasium.at\/internationalbilingualclassesde\/wp-json\/wp\/v2\/pages\/10"}],"wp:attachment":[{"href":"https:\/\/www.it-gymnasium.at\/internationalbilingualclassesde\/wp-json\/wp\/v2\/media?parent=18462"}],"curies":[{"name":"wp","href":"https:\/\/api.w.org\/{rel}","templated":true}]}}